{"id":82,"date":"2011-10-02T22:16:04","date_gmt":"2011-10-02T20:16:04","guid":{"rendered":"http:\/\/192.168.105.105\/multimedia\/?page_id=82"},"modified":"2011-12-04T16:21:05","modified_gmt":"2011-12-04T15:21:05","slug":"autorskie-koncerty","status":"publish","type":"page","link":"http:\/\/www.multimedia.mckey.pl\/multimedia\/autorskie-koncerty","title":{"rendered":"Autorskie koncerty"},"content":{"rendered":"<h1 style=\"text-align: center;\">Koncerty muzyki elektronicznej<br \/>\nMcKey<\/h1>\n<p style=\"text-align: center;\">Koncert muzyki elektronicznej na \u017cywo w wykonaniu Martina McKey&#8217;a.<br \/>\nZadziwiaj\u0105ce, intryguj\u0105ce d\u017awi\u0119ki syntezator\u00f3w, sampler\u00f3w, wokoder\u00f3w i theremin\u00f3w.<br \/>\nNiepowtarzalna atmosfera, ilustrowana laserami, \u015bwiat\u0142ami oraz kosmicznymi pejza\u017cami.<\/p>\n<p style=\"text-align: justify;\"><a href=\"http:\/\/www.multimedia.mckey.pl\/multimedia\/wp-content\/uploads\/2011\/09\/mckey2.jpg\"><img loading=\"lazy\" class=\"size-thumbnail wp-image-206 aligncenter\" title=\"McKey koncert\" src=\"http:\/\/www.multimedia.mckey.pl\/multimedia\/wp-content\/uploads\/2011\/09\/mckey2-150x150.jpg\" alt=\"Martin McKey - koncert \u015bwiat\u0142o-d\u017awi\u0119k. Muzyka elektroniczna.\" width=\"150\" height=\"150\" \/><\/a>Dysponujemy ca\u0142ym zapleczem potrzebnym do zorganizowania koncertu &#8211; od instrumentarium, poprzez systemy d\u017awi\u0119kowe, a\u017c po systemy nag\u0142o\u015bnienia. Dzi\u0119ki temu wystarczy zam\u00f3wi\u0107 u nas koncert, a my zajmujemy si\u0119 jego realizacj\u0105. Fragmenty muzyki do pos\u0142uchania online znajduj\u0105 si\u0119 w dziale <a title=\"Muzyka\" href=\"http:\/\/www.multimedia.mckey.pl\/multimedia\/index.php\/muzyka\">MEDIA &#8211; MUZYKA<\/a><\/p>\n<p style=\"text-align: center;\"><a href=\"http:\/\/www.multimedia.mckey.pl\/multimedia\/wp-content\/uploads\/2011\/10\/DSC02205.jpg\"><img loading=\"lazy\" class=\"aligncenter size-medium wp-image-167\" title=\"Koncert McKey'a i pokaz laserowy\" src=\"http:\/\/www.multimedia.mckey.pl\/multimedia\/wp-content\/uploads\/2011\/10\/DSC02205-300x225.jpg\" alt=\"Pokaz laserowy\" width=\"300\" height=\"225\" srcset=\"http:\/\/www.multimedia.mckey.pl\/multimedia\/wp-content\/uploads\/2011\/10\/DSC02205-300x225.jpg 300w, http:\/\/www.multimedia.mckey.pl\/multimedia\/wp-content\/uploads\/2011\/10\/DSC02205-1024x768.jpg 1024w, http:\/\/www.multimedia.mckey.pl\/multimedia\/wp-content\/uploads\/2011\/10\/DSC02205-400x300.jpg 400w, http:\/\/www.multimedia.mckey.pl\/multimedia\/wp-content\/uploads\/2011\/10\/DSC02205.jpg 1632w\" sizes=\"(max-width: 300px) 100vw, 300px\" \/><\/a>Koncert muzyki elektronicznej po\u0142\u0105czony z pokazami \u015bwietlno-laserowymi.<\/p>\n<p style=\"text-align: center;\"><a href=\"http:\/\/www.multimedia.mckey.pl\/multimedia\/wp-content\/uploads\/2011\/10\/265807_10150243165353851_167036803850_7347074_4979745_o.jpg\"><img loading=\"lazy\" class=\"aligncenter size-medium wp-image-168\" title=\"Laser show\" src=\"http:\/\/www.multimedia.mckey.pl\/multimedia\/wp-content\/uploads\/2011\/10\/265807_10150243165353851_167036803850_7347074_4979745_o-300x199.jpg\" alt=\"Laser show by McKey\" width=\"300\" height=\"199\" srcset=\"http:\/\/www.multimedia.mckey.pl\/multimedia\/wp-content\/uploads\/2011\/10\/265807_10150243165353851_167036803850_7347074_4979745_o-300x199.jpg 300w, http:\/\/www.multimedia.mckey.pl\/multimedia\/wp-content\/uploads\/2011\/10\/265807_10150243165353851_167036803850_7347074_4979745_o-451x300.jpg 451w, http:\/\/www.multimedia.mckey.pl\/multimedia\/wp-content\/uploads\/2011\/10\/265807_10150243165353851_167036803850_7347074_4979745_o.jpg 800w\" sizes=\"(max-width: 300px) 100vw, 300px\" \/><\/a>W sk\u0142ad instrumentarium wchodz\u0105 r\u00f3wnie\u017c urz\u0105dzenia zaprojektowane i skonstruowane przez Martina McKey&#8217;a.<\/p>\n","protected":false},"excerpt":{"rendered":"<p>Koncerty muzyki elektronicznej McKey Koncert muzyki elektronicznej na \u017cywo w wykonaniu Martina McKey&#8217;a. Zadziwiaj\u0105ce, intryguj\u0105ce d\u017awi\u0119ki syntezator\u00f3w, sampler\u00f3w, wokoder\u00f3w i theremin\u00f3w. Niepowtarzalna atmosfera, ilustrowana laserami, \u015bwiat\u0142ami oraz kosmicznymi pejza\u017cami. Dysponujemy ca\u0142ym zapleczem potrzebnym do zorganizowania koncertu &#8211; od instrumentarium, poprzez systemy d\u017awi\u0119kowe, a\u017c po systemy nag\u0142o\u015bnienia. Dzi\u0119ki temu wystarczy zam\u00f3wi\u0107 u nas koncert, a my &hellip; <\/p>\n<p class=\"link-more\"><a href=\"http:\/\/www.multimedia.mckey.pl\/multimedia\/autorskie-koncerty\" class=\"more-link\">Czytaj dalej<span class=\"screen-reader-text\"> Autorskie koncerty<\/span><\/a><\/p>\n","protected":false},"author":1,"featured_media":0,"parent":0,"menu_order":0,"comment_status":"closed","ping_status":"closed","template":"sidebar-page.php","meta":[],"_links":{"self":[{"href":"http:\/\/www.multimedia.mckey.pl\/multimedia\/wp-json\/wp\/v2\/pages\/82"}],"collection":[{"href":"http:\/\/www.multimedia.mckey.pl\/multimedia\/wp-json\/wp\/v2\/pages"}],"about":[{"href":"http:\/\/www.multimedia.mckey.pl\/multimedia\/wp-json\/wp\/v2\/types\/page"}],"author":[{"embeddable":true,"href":"http:\/\/www.multimedia.mckey.pl\/multimedia\/wp-json\/wp\/v2\/users\/1"}],"replies":[{"embeddable":true,"href":"http:\/\/www.multimedia.mckey.pl\/multimedia\/wp-json\/wp\/v2\/comments?post=82"}],"version-history":[{"count":15,"href":"http:\/\/www.multimedia.mckey.pl\/multimedia\/wp-json\/wp\/v2\/pages\/82\/revisions"}],"predecessor-version":[{"id":324,"href":"http:\/\/www.multimedia.mckey.pl\/multimedia\/wp-json\/wp\/v2\/pages\/82\/revisions\/324"}],"wp:attachment":[{"href":"http:\/\/www.multimedia.mckey.pl\/multimedia\/wp-json\/wp\/v2\/media?parent=82"}],"curies":[{"name":"wp","href":"https:\/\/api.w.org\/{rel}","templated":true}]}}